{"id":4324,"date":"2024-10-24T17:38:40","date_gmt":"2024-10-24T17:38:40","guid":{"rendered":"https:\/\/casadeabis.com\/?page_id=4324"},"modified":"2025-04-24T10:38:14","modified_gmt":"2025-04-24T10:38:14","slug":"sobre-nos","status":"publish","type":"page","link":"https:\/\/casadeabis.com\/pt\/sobre-nos\/","title":{"rendered":"Sobre n\u00f3s"},"content":{"rendered":"\t\t<div data-elementor-type=\"wp-post\" data-elementor-id=\"4324\" class=\"elementor elementor-4324\" data-elementor-post-type=\"page\">\n\t\t\t\t\t\t<section class=\"elementor-section elementor-top-section elementor-element elementor-element-f3c10ad elementor-section-full_width elementor-section-height-min-height elementor-section-content-bottom elementor-hidden-desktop elementor-hidden-tablet elementor-section-height-default elementor-section-items-middle\" data-id=\"f3c10ad\" data-element_type=\"section\" data-e-type=\"section\" data-settings=\"{&quot;background_background&quot;:&quot;classic&quot;}\">\n\t\t\t\t\t\t\t<div class=\"elementor-background-overlay\"><\/div>\n\t\t\t\t\t\t\t<div class=\"elementor-container elementor-column-gap-default\">\n\t\t\t\t\t<div class=\"elementor-column elementor-col-100 elementor-top-column elementor-element elementor-element-8471efb\" data-id=\"8471efb\" data-element_type=\"column\" data-e-type=\"column\">\n\t\t\t<div class=\"elementor-widget-wrap\">\n\t\t\t\t\t\t\t<\/div>\n\t\t<\/div>\n\t\t\t\t\t<\/div>\n\t\t<\/section>\n\t\t\t\t<section class=\"elementor-section elementor-top-section elementor-element elementor-element-7e1d0e2 elementor-section-full_width elementor-section-height-min-height elementor-section-content-bottom elementor-hidden-mobile elementor-section-height-default elementor-section-items-middle\" data-id=\"7e1d0e2\" data-element_type=\"section\" data-e-type=\"section\" data-settings=\"{&quot;background_background&quot;:&quot;classic&quot;}\">\n\t\t\t\t\t\t\t<div class=\"elementor-background-overlay\"><\/div>\n\t\t\t\t\t\t\t<div class=\"elementor-container elementor-column-gap-default\">\n\t\t\t\t\t<div class=\"elementor-column elementor-col-100 elementor-top-column elementor-element elementor-element-e2d88cb\" data-id=\"e2d88cb\" data-element_type=\"column\" data-e-type=\"column\">\n\t\t\t<div class=\"elementor-widget-wrap\">\n\t\t\t\t\t\t\t<\/div>\n\t\t<\/div>\n\t\t\t\t\t<\/div>\n\t\t<\/section>\n\t\t\t\t<section class=\"elementor-section elementor-top-section elementor-element elementor-element-4118d86 elementor-section-boxed elementor-section-height-default elementor-section-height-default\" data-id=\"4118d86\" data-element_type=\"section\" data-e-type=\"section\" data-settings=\"{&quot;background_background&quot;:&quot;classic&quot;}\">\n\t\t\t\t\t\t\t<div class=\"elementor-background-overlay\"><\/div>\n\t\t\t\t\t\t\t<div class=\"elementor-container elementor-column-gap-default\">\n\t\t\t\t\t<div class=\"elementor-column elementor-col-50 elementor-top-column elementor-element elementor-element-1162c3c\" data-id=\"1162c3c\" data-element_type=\"column\" data-e-type=\"column\" data-settings=\"{&quot;background_background&quot;:&quot;classic&quot;}\">\n\t\t\t<div class=\"elementor-widget-wrap elementor-element-populated\">\n\t\t\t\t\t\t<div class=\"elementor-element elementor-element-7924a6b elementor-widget__width-initial elementor-widget elementor-widget-text-editor\" data-id=\"7924a6b\" data-element_type=\"widget\" data-e-type=\"widget\" data-settings=\"{&quot;motion_fx_motion_fx_scrolling&quot;:&quot;yes&quot;,&quot;motion_fx_translateY_effect&quot;:&quot;yes&quot;,&quot;motion_fx_translateY_speed&quot;:{&quot;unit&quot;:&quot;px&quot;,&quot;size&quot;:1,&quot;sizes&quot;:[]},&quot;motion_fx_translateY_affectedRange&quot;:{&quot;unit&quot;:&quot;%&quot;,&quot;size&quot;:&quot;&quot;,&quot;sizes&quot;:{&quot;start&quot;:0,&quot;end&quot;:50}},&quot;motion_fx_devices&quot;:[&quot;desktop&quot;,&quot;tablet&quot;,&quot;mobile&quot;]}\" data-widget_type=\"text-editor.default\">\n\t\t\t\t<div class=\"elementor-widget-container\">\n\t\t\t\t\t\t\t\t\t<p class=\"p1\">Ant\u00f3nio, Beatriz, In\u00eas e Sandra,<\/p>\t\t\t\t\t\t\t\t<\/div>\n\t\t\t\t<\/div>\n\t\t\t\t<div class=\"elementor-element elementor-element-119fdc3 elementor-widget__width-initial elementor-widget elementor-widget-text-editor\" data-id=\"119fdc3\" data-element_type=\"widget\" data-e-type=\"widget\" data-settings=\"{&quot;motion_fx_motion_fx_scrolling&quot;:&quot;yes&quot;,&quot;motion_fx_translateY_effect&quot;:&quot;yes&quot;,&quot;motion_fx_translateY_speed&quot;:{&quot;unit&quot;:&quot;px&quot;,&quot;size&quot;:1,&quot;sizes&quot;:[]},&quot;motion_fx_translateY_affectedRange&quot;:{&quot;unit&quot;:&quot;%&quot;,&quot;size&quot;:&quot;&quot;,&quot;sizes&quot;:{&quot;start&quot;:0,&quot;end&quot;:50}},&quot;motion_fx_devices&quot;:[&quot;desktop&quot;,&quot;tablet&quot;,&quot;mobile&quot;]}\" data-widget_type=\"text-editor.default\">\n\t\t\t\t<div class=\"elementor-widget-container\">\n\t\t\t\t\t\t\t\t\t<p class=\"p1\">s\u00e3o estes os nomes cujas iniciais deram origem \u00e0 palavra ABIS. Criada em 2012, fruto da vasta experi\u00eancia em restaura\u00e7\u00e3o do Ant\u00f3nio e da criatividade aut\u00eantica da Sandra, assim nasceu a nossa Casa de ABIS.<\/p>\t\t\t\t\t\t\t\t<\/div>\n\t\t\t\t<\/div>\n\t\t\t\t\t<\/div>\n\t\t<\/div>\n\t\t\t\t<div class=\"elementor-column elementor-col-50 elementor-top-column elementor-element elementor-element-9b9e1d5\" data-id=\"9b9e1d5\" data-element_type=\"column\" data-e-type=\"column\" data-settings=\"{&quot;background_background&quot;:&quot;classic&quot;}\">\n\t\t\t<div class=\"elementor-widget-wrap elementor-element-populated\">\n\t\t\t\t\t<div class=\"elementor-background-overlay\"><\/div>\n\t\t\t\t\t\t<div class=\"elementor-element elementor-element-72b81f8 elementor-widget elementor-widget-image\" data-id=\"72b81f8\" data-element_type=\"widget\" data-e-type=\"widget\" data-widget_type=\"image.default\">\n\t\t\t\t<div class=\"elementor-widget-container\">\n\t\t\t\t\t\t\t\t\t\t\t\t\t\t\t<img fetchpriority=\"high\" decoding=\"async\" width=\"800\" height=\"800\" src=\"https:\/\/casadeabis.com\/wp-content\/uploads\/2024\/05\/ls_square_20240429_160201219_iOS-1024x1024.jpg\" class=\"attachment-large size-large wp-image-3107\" alt=\"\" srcset=\"https:\/\/casadeabis.com\/wp-content\/uploads\/2024\/05\/ls_square_20240429_160201219_iOS-1024x1024.jpg 1024w, https:\/\/casadeabis.com\/wp-content\/uploads\/2024\/05\/ls_square_20240429_160201219_iOS-300x300.jpg 300w, https:\/\/casadeabis.com\/wp-content\/uploads\/2024\/05\/ls_square_20240429_160201219_iOS-150x150.jpg 150w, https:\/\/casadeabis.com\/wp-content\/uploads\/2024\/05\/ls_square_20240429_160201219_iOS-768x768.jpg 768w, https:\/\/casadeabis.com\/wp-content\/uploads\/2024\/05\/ls_square_20240429_160201219_iOS.jpg 1080w\" sizes=\"(max-width: 800px) 100vw, 800px\" \/>\t\t\t\t\t\t\t\t\t\t\t\t\t\t\t<\/div>\n\t\t\t\t<\/div>\n\t\t\t\t\t<\/div>\n\t\t<\/div>\n\t\t\t\t\t<\/div>\n\t\t<\/section>\n\t\t\t\t<section class=\"elementor-section elementor-top-section elementor-element elementor-element-2a5f62c elementor-section-boxed elementor-section-height-default elementor-section-height-default\" data-id=\"2a5f62c\" data-element_type=\"section\" data-e-type=\"section\" data-settings=\"{&quot;background_background&quot;:&quot;classic&quot;}\">\n\t\t\t\t\t\t\t<div class=\"elementor-background-overlay\"><\/div>\n\t\t\t\t\t\t\t<div class=\"elementor-container elementor-column-gap-default\">\n\t\t\t\t\t<div class=\"elementor-column elementor-col-50 elementor-top-column elementor-element elementor-element-3e4cdfc\" data-id=\"3e4cdfc\" data-element_type=\"column\" data-e-type=\"column\" data-settings=\"{&quot;background_background&quot;:&quot;classic&quot;}\">\n\t\t\t<div class=\"elementor-widget-wrap\">\n\t\t\t\t\t\t\t<\/div>\n\t\t<\/div>\n\t\t\t\t<div class=\"elementor-column elementor-col-50 elementor-top-column elementor-element elementor-element-0916e47\" data-id=\"0916e47\" data-element_type=\"column\" data-e-type=\"column\" data-settings=\"{&quot;background_background&quot;:&quot;classic&quot;}\">\n\t\t\t<div class=\"elementor-widget-wrap elementor-element-populated\">\n\t\t\t\t\t<div class=\"elementor-background-overlay\"><\/div>\n\t\t\t\t\t\t<div class=\"elementor-element elementor-element-95eee21 animated-slow elementor-invisible elementor-widget elementor-widget-heading\" data-id=\"95eee21\" data-element_type=\"widget\" data-e-type=\"widget\" data-settings=\"{&quot;_animation&quot;:&quot;fadeInUp&quot;}\" data-widget_type=\"heading.default\">\n\t\t\t\t<div class=\"elementor-widget-container\">\n\t\t\t\t\t<h2 class=\"elementor-heading-title elementor-size-default\">Uma casa feita<\/h2>\t\t\t\t<\/div>\n\t\t\t\t<\/div>\n\t\t\t\t<div class=\"elementor-element elementor-element-ebae97d elementor-widget elementor-widget-image\" data-id=\"ebae97d\" data-element_type=\"widget\" data-e-type=\"widget\" data-widget_type=\"image.default\">\n\t\t\t\t<div class=\"elementor-widget-container\">\n\t\t\t\t\t\t\t\t\t\t\t\t\t\t\t<img decoding=\"async\" width=\"800\" height=\"97\" src=\"https:\/\/casadeabis.com\/wp-content\/uploads\/2024\/10\/de-familias-1024x124.png\" class=\"attachment-large size-large wp-image-4326\" alt=\"\" srcset=\"https:\/\/casadeabis.com\/wp-content\/uploads\/2024\/10\/de-familias-1024x124.png 1024w, https:\/\/casadeabis.com\/wp-content\/uploads\/2024\/10\/de-familias-300x36.png 300w, https:\/\/casadeabis.com\/wp-content\/uploads\/2024\/10\/de-familias-768x93.png 768w, https:\/\/casadeabis.com\/wp-content\/uploads\/2024\/10\/de-familias-1536x186.png 1536w, https:\/\/casadeabis.com\/wp-content\/uploads\/2024\/10\/de-familias-18x2.png 18w, https:\/\/casadeabis.com\/wp-content\/uploads\/2024\/10\/de-familias.png 1571w\" sizes=\"(max-width: 800px) 100vw, 800px\" \/>\t\t\t\t\t\t\t\t\t\t\t\t\t\t\t<\/div>\n\t\t\t\t<\/div>\n\t\t\t\t<div class=\"elementor-element elementor-element-1af2db0 elementor-widget__width-initial elementor-widget elementor-widget-text-editor\" data-id=\"1af2db0\" data-element_type=\"widget\" data-e-type=\"widget\" data-settings=\"{&quot;motion_fx_motion_fx_scrolling&quot;:&quot;yes&quot;,&quot;motion_fx_translateY_effect&quot;:&quot;yes&quot;,&quot;motion_fx_translateY_speed&quot;:{&quot;unit&quot;:&quot;px&quot;,&quot;size&quot;:1,&quot;sizes&quot;:[]},&quot;motion_fx_translateY_affectedRange&quot;:{&quot;unit&quot;:&quot;%&quot;,&quot;size&quot;:&quot;&quot;,&quot;sizes&quot;:{&quot;start&quot;:0,&quot;end&quot;:50}},&quot;motion_fx_devices&quot;:[&quot;desktop&quot;,&quot;tablet&quot;,&quot;mobile&quot;]}\" data-widget_type=\"text-editor.default\">\n\t\t\t\t<div class=\"elementor-widget-container\">\n\t\t\t\t\t\t\t\t\t<p><span style=\"caret-color: #000000; white-space-collapse: preserve;\">\u201cNa nossa casa ouvimos, idealizamos, criamos, proporcionamos. Acolhemos e sentimos a import\u00e2ncia do vosso dia como se fosse nosso. <\/span><\/p><p><span style=\"caret-color: #000000; white-space-collapse: preserve;\">Depositamos nele todo o empenho e dedica\u00e7\u00e3o com um objetivo fundamental: a felicidade. A felicidade no rosto de quem escolheu a nossa Casa para vivenciar um momento t\u00e3o \u00fanico. <br><\/span><\/p><p><span style=\"caret-color: #000000; white-space-collapse: preserve;\">Pensamos todos os momentos ao mais \u00ednfimo pormenor, damos asas aos vossos sonhos e ambi\u00e7\u00f5es. <\/span><\/p><p><span style=\"caret-color: #000000; white-space-collapse: preserve;\">Dispomos de uma equipa profissional e experiente que coloca todo o amor e conhecimento no seu trabalho. Oferecemos um espa\u00e7o elegante e envolvente, repleto de servi\u00e7os e espa\u00e7os que tornar\u00e3o o vosso dia inesquec\u00edvel.\u201d<\/span><\/p>\t\t\t\t\t\t\t\t<\/div>\n\t\t\t\t<\/div>\n\t\t\t\t\t<\/div>\n\t\t<\/div>\n\t\t\t\t\t<\/div>\n\t\t<\/section>\n\t\t\t\t<section class=\"elementor-section elementor-top-section elementor-element elementor-element-2b21a04 elementor-section-height-min-height elementor-section-full_width elementor-section-height-default elementor-section-items-middle\" data-id=\"2b21a04\" data-element_type=\"section\" data-e-type=\"section\" data-settings=\"{&quot;background_background&quot;:&quot;classic&quot;}\">\n\t\t\t\t\t\t<div class=\"elementor-container elementor-column-gap-default\">\n\t\t\t\t\t<div class=\"elementor-column elementor-col-100 elementor-top-column elementor-element elementor-element-db054ed\" data-id=\"db054ed\" data-element_type=\"column\" data-e-type=\"column\">\n\t\t\t<div class=\"elementor-widget-wrap elementor-element-populated\">\n\t\t\t\t\t\t<div class=\"elementor-element elementor-element-c36c1e6 elementor-testimonial--layout-image_above elementor-testimonial--mobile-align-left elementor-testimonial--skin-default elementor-testimonial--align-center elementor-arrows-yes elementor-widget elementor-widget-testimonial-carousel\" data-id=\"c36c1e6\" data-element_type=\"widget\" data-e-type=\"widget\" data-settings=\"{&quot;lazyload&quot;:&quot;yes&quot;,&quot;speed&quot;:2000,&quot;autoplay_speed&quot;:10000,&quot;show_arrows&quot;:&quot;yes&quot;,&quot;autoplay&quot;:&quot;yes&quot;,&quot;loop&quot;:&quot;yes&quot;,&quot;pause_on_hover&quot;:&quot;yes&quot;,&quot;space_between&quot;:{&quot;unit&quot;:&quot;px&quot;,&quot;size&quot;:10,&quot;sizes&quot;:[]},&quot;space_between_tablet&quot;:{&quot;unit&quot;:&quot;px&quot;,&quot;size&quot;:10,&quot;sizes&quot;:[]},&quot;space_between_mobile&quot;:{&quot;unit&quot;:&quot;px&quot;,&quot;size&quot;:10,&quot;sizes&quot;:[]}}\" data-widget_type=\"testimonial-carousel.default\">\n\t\t\t\t<div class=\"elementor-widget-container\">\n\t\t\t\t\t\t\t\t\t<div class=\"elementor-swiper\">\n\t\t\t\t\t<div class=\"elementor-main-swiper swiper\" role=\"region\" aria-roledescription=\"carousel\" aria-label=\"Slides\">\n\t\t\t\t<div class=\"swiper-wrapper\">\n\t\t\t\t\t\t\t\t\t\t\t<div class=\"swiper-slide\" role=\"group\" aria-roledescription=\"slide\">\n\t\t\t\t\t\t\t\t\t<div class=\"elementor-testimonial\">\n\t\t\t\t\t\t\t<div class=\"elementor-testimonial__content\">\n\t\t\t\t\t<div class=\"elementor-testimonial__text\">\n\t\t\t\t\t\t<strong>\"N\u00c3O PODERIA IMAGINAR CASAR NOUTRO S\u00cdTIO\" <\/strong><br><br>\n\nA Casa de Abis foi, sem d\u00favida, a melhor escolha que poder\u00edamos ter feito para o nosso\ncasamento. Em termos est\u00e9ticos, \u00e9 uma quinta deslumbrante, com um espa\u00e7o lind\u00edssimo e todas\nas comodidades necess\u00e1rias para um dia inesquec\u00edvel.\nNo que diz respeito \u00e0 gastronomia, foi simplesmente impec\u00e1vel! Cada detalhe foi adaptado ao\nnosso gosto e ao dos convidados, oferecendo uma incr\u00edvel variedade de op\u00e7\u00f5es que agradou a\ntodos.\nMas o que realmente se destacou foi o atendimento e o acolhimento! Os donos s\u00e3o\nabsolutamente incr\u00edveis: atenciosos, compreensivos e sempre dispon\u00edveis. Tudo o que\nprecis\u00e1vamos, eles providenciaram. Fizeram com que o nosso dia fosse, literalmente, o melhor dia\ndas nossas vidas!\nEstando a organizar o casamento do estrangeiro, a dist\u00e2ncia tornou tudo mais desafiador, mas a\nCasa de Abis transformou essa dificuldade em tranquilidade. Eles cuidaram de tudo para n\u00f3s,\ndesde a decora\u00e7\u00e3o at\u00e9 as burocracias, garantindo que n\u00e3o tiv\u00e9ssemos preocupa\u00e7\u00f5es.\nA quinta \u00e9 magn\u00edfica, e n\u00e3o poder\u00edamos ter feito escolha melhor. Recomendo a Casa de Abis de\nolhos fechados a qualquer casal que queira um casamento perfeito!\t\t\t\t\t<\/div>\n\t\t\t\t\t<cite class=\"elementor-testimonial__cite\"><span class=\"elementor-testimonial__name\">Christiane & Marcelo<\/span><span class=\"elementor-testimonial__title\">9 de Agosto de 2024<\/span><\/cite>\t\t\t\t<\/div>\n\t\t\t\t\t\t<div class=\"elementor-testimonial__footer\">\n\t\t\t\t\t\t\t\t\t\t\t<\/div>\n\t\t<\/div>\n\t\t\t\t\t\t\t\t<\/div>\n\t\t\t\t\t\t\t\t\t\t\t<div class=\"swiper-slide\" role=\"group\" aria-roledescription=\"slide\">\n\t\t\t\t\t\t\t\t\t<div class=\"elementor-testimonial\">\n\t\t\t\t\t\t\t<div class=\"elementor-testimonial__content\">\n\t\t\t\t\t<div class=\"elementor-testimonial__text\">\n\t\t\t\t\t\t<strong>\"UM SONHO TORNADO REALIDADE\" <\/strong><br><br>\n\nDesde o primeiro dia que conhecemos a Casa de Abis que dissemos: um dia se casarmos, ser\u00e1\naqui.\nE foi! A escolha que far\u00edamos novamente. A querida Beatriz que nos ajudou, acompanhou e\naconselhou em tudo. Um carinho e dedica\u00e7\u00e3o inigual\u00e1veis. O staff, a decora\u00e7\u00e3o, a comida, os\nespa\u00e7os\u2026 \u00e9 tudo simplesmente maravilhoso! Um dia feliz, no s\u00edtio mais bonito de sempre!\t\t\t\t\t<\/div>\n\t\t\t\t\t<cite class=\"elementor-testimonial__cite\"><span class=\"elementor-testimonial__name\">Carolina & Manel<\/span><span class=\"elementor-testimonial__title\"> 28 de Setembro de 2024<\/span><\/cite>\t\t\t\t<\/div>\n\t\t\t\t\t\t<div class=\"elementor-testimonial__footer\">\n\t\t\t\t\t\t\t\t\t\t\t<\/div>\n\t\t<\/div>\n\t\t\t\t\t\t\t\t<\/div>\n\t\t\t\t\t\t\t\t\t\t\t<div class=\"swiper-slide\" role=\"group\" aria-roledescription=\"slide\">\n\t\t\t\t\t\t\t\t\t<div class=\"elementor-testimonial\">\n\t\t\t\t\t\t\t<div class=\"elementor-testimonial__content\">\n\t\t\t\t\t<div class=\"elementor-testimonial__text\">\n\t\t\t\t\t\t<strong>\"UM CASAMENTO DE SONHO\" <\/strong><br><br>\n\nA Casa de ABIS \u00e9 tudo aquilo que se pode desejar para um dia de casamento perfeito! Os v\u00e1rios\nespa\u00e7os criados por eles torna a quinta num lugar muito vers\u00e1til para a realiza\u00e7\u00e3o da cerim\u00f3nia\ncivil, bem como para outras atividades.\nO que \u00e9 certo \u00e9 que nunca sentir\u00e3o monotonia porque haver\u00e1 sempre algo a descobrir (opini\u00e3o dos\nconvidados tamb\u00e9m). Al\u00e9m disso, toda a decora\u00e7\u00e3o \u00e9 maravilhosa, o staff \u00e9 super simp\u00e1tico e de\numa mestria como n\u00e3o h\u00e1 igual, para n\u00e3o falar da comida que \u00e9 maravilhosa e de uma variedade\nque n\u00e3o se encontra em mais lado nenhum.\nS\u00f3 temos a agradecer a todos eles e em especial ao Sr. Ant\u00f3nio e \u00e0 Beatriz que foram incans\u00e1veis e\nque nos orientaram, tornando o nosso dia poss\u00edvel (mesmo com a amea\u00e7a de chuva eminente - h\u00e1\nsempre um plano B t\u00e3o bom quanto primeiro).\nFoi um casamento de sonho e n\u00e3o mudar\u00edamos uma v\u00edrgula que fosse.\nMuito Obrigado!\t\t\t\t\t<\/div>\n\t\t\t\t\t<cite class=\"elementor-testimonial__cite\"><span class=\"elementor-testimonial__name\">M\u00e1rcia & David<\/span><span class=\"elementor-testimonial__title\">3 de Setembro de 2024<\/span><\/cite>\t\t\t\t<\/div>\n\t\t\t\t\t\t<div class=\"elementor-testimonial__footer\">\n\t\t\t\t\t\t\t\t\t\t\t<\/div>\n\t\t<\/div>\n\t\t\t\t\t\t\t\t<\/div>\n\t\t\t\t\t\t\t\t\t\t\t<div class=\"swiper-slide\" role=\"group\" aria-roledescription=\"slide\">\n\t\t\t\t\t\t\t\t\t<div class=\"elementor-testimonial\">\n\t\t\t\t\t\t\t<div class=\"elementor-testimonial__content\">\n\t\t\t\t\t<div class=\"elementor-testimonial__text\">\n\t\t\t\t\t\t<strong>TORNAR OS NOSSOS SONHOS REALIDADE<\/strong> <br><br>\n\nVoltaria a escolher outra vez e outra vez a Casa de Abis! Vale pelo espa\u00e7o mas vai bem mais al\u00e9m disso\u2026 O Sr. Ant\u00f3nio, a D. Sandra e a Bruna s\u00e3o pe\u00e7as fundamentais bem como todo o staff! Eles empenham-se a tornar os nossos sonhos realidade e parece n\u00e3o haver \u201cimposs\u00edveis\u201d. Posso dizer que eu tive o casamento dos meus sonhos. Tudo correu bem, todos os convidados se divertiram e adoraram a quinta. Para al\u00e9m disto tudo, a comida \u00e9 qualquer coisa de extraordin\u00e1rio! Do fundo do meu cora\u00e7\u00e3o, obrigada Casa de Abis.\t\t\t\t\t<\/div>\n\t\t\t\t\t<cite class=\"elementor-testimonial__cite\"><span class=\"elementor-testimonial__name\">Diana & Jorge<\/span><span class=\"elementor-testimonial__title\">26 de Junho de 2022<\/span><\/cite>\t\t\t\t<\/div>\n\t\t\t\t\t\t<div class=\"elementor-testimonial__footer\">\n\t\t\t\t\t\t\t\t\t\t\t<\/div>\n\t\t<\/div>\n\t\t\t\t\t\t\t\t<\/div>\n\t\t\t\t\t\t\t\t\t\t\t<div class=\"swiper-slide\" role=\"group\" aria-roledescription=\"slide\">\n\t\t\t\t\t\t\t\t\t<div class=\"elementor-testimonial\">\n\t\t\t\t\t\t\t<div class=\"elementor-testimonial__content\">\n\t\t\t\t\t<div class=\"elementor-testimonial__text\">\n\t\t\t\t\t\t<strong>\"QUINTA DE SONHO\"<\/strong> <br><br>\n\nDesde o in\u00edcio que tivemos a certeza que a Casa de Abis era o s\u00edtio ideal para realizarmos o nosso dia de sonho. O espa\u00e7o \u00e9 dos mais bonitos que j\u00e1 vimos! Digno de um conto de fadas. Toda a equipa \u00e9 super atenciosa e preocupada. O nosso agradecimento especial \u00e0 querida Bruna que foi incans\u00e1vel at\u00e9 ao final da noite. N\u00e3o pod\u00edamos estar mais satisfeitos com o servi\u00e7o. Estava tudo espetacular desde a decora\u00e7\u00e3o \u00e0 comida. Muito obrigada por tudo.\t\t\t\t\t<\/div>\n\t\t\t\t\t<cite class=\"elementor-testimonial__cite\"><span class=\"elementor-testimonial__name\">L\u00facia & Tiago<\/span><span class=\"elementor-testimonial__title\">22 de Julho de 2023<\/span><\/cite>\t\t\t\t<\/div>\n\t\t\t\t\t\t<div class=\"elementor-testimonial__footer\">\n\t\t\t\t\t\t\t\t\t\t\t<\/div>\n\t\t<\/div>\n\t\t\t\t\t\t\t\t<\/div>\n\t\t\t\t\t\t\t\t\t\t\t<div class=\"swiper-slide\" role=\"group\" aria-roledescription=\"slide\">\n\t\t\t\t\t\t\t\t\t<div class=\"elementor-testimonial\">\n\t\t\t\t\t\t\t<div class=\"elementor-testimonial__content\">\n\t\t\t\t\t<div class=\"elementor-testimonial__text\">\n\t\t\t\t\t\t<strong>\"UM ESPA\u00c7O QUE O TRANSPORTA PARA O PARA\u00cdSO\" <\/strong><br><br>\n\nA casa de Abis, Uauuu! ...\u00e9 simplesmente a escolha. Desde a primeira visita que nos conquistou com os m\u00faltiplos espa\u00e7os organizados, cuidados e decorados com um gosto e requinte elevad\u00edssimo! Soubemos logo que iria ser ali... A imponente sala de jantar com p\u00e9 direito alt\u00edssimo n\u00e3o deixa ningu\u00e9m indiferente. O Sr\u00b0 Ant\u00f3nio a Beatriz e a Dona Sandra s\u00e3o incans\u00e1veis nos pormenores e a superarem as nossas expectativas! Os convidados rasgam elogios em todas as direc\u00e7\u00f5es! ...na comida, nos m\u00faltiplos espa\u00e7os cheios de eleg\u00e2ncia e requinte, nos v\u00e1rios servi\u00e7os, atendimento e simpatia dos funcion\u00e1rios, tudo tudo tudo 5* Que dia perfeito que nos proporcionaram! Um grande Bem Haja!\t\t\t\t\t<\/div>\n\t\t\t\t\t<cite class=\"elementor-testimonial__cite\"><span class=\"elementor-testimonial__name\">Marta & Tiago<\/span><span class=\"elementor-testimonial__title\"> 22 de Setembro de 2023<\/span><\/cite>\t\t\t\t<\/div>\n\t\t\t\t\t\t<div class=\"elementor-testimonial__footer\">\n\t\t\t\t\t\t\t\t\t\t\t<\/div>\n\t\t<\/div>\n\t\t\t\t\t\t\t\t<\/div>\n\t\t\t\t\t\t\t\t\t<\/div>\n\t\t\t\t\t\t\t\t\t\t\t\t\t\t\t<div class=\"elementor-swiper-button elementor-swiper-button-prev\" role=\"button\" tabindex=\"0\" aria-label=\"Previous\">\n\t\t\t\t\t\t\t<i aria-hidden=\"true\" class=\"eicon-chevron-left\"><\/i>\t\t\t\t\t\t<\/div>\n\t\t\t\t\t\t<div class=\"elementor-swiper-button elementor-swiper-button-next\" role=\"button\" tabindex=\"0\" aria-label=\"Next\">\n\t\t\t\t\t\t\t<i aria-hidden=\"true\" class=\"eicon-chevron-right\"><\/i>\t\t\t\t\t\t<\/div>\n\t\t\t\t\t\t\t\t\t\t\t\t\t\t\t\t\t<\/div>\n\t\t\t\t<\/div>\n\t\t\t\t\t\t\t\t<\/div>\n\t\t\t\t<\/div>\n\t\t\t\t\t<\/div>\n\t\t<\/div>\n\t\t\t\t\t<\/div>\n\t\t<\/section>\n\t\t\t\t<section class=\"elementor-section elementor-top-section elementor-element elementor-element-f37028f elementor-section-boxed elementor-section-height-default elementor-section-height-default\" data-id=\"f37028f\" data-element_type=\"section\" data-e-type=\"section\">\n\t\t\t\t\t\t<div class=\"elementor-container elementor-column-gap-default\">\n\t\t\t\t\t<div class=\"elementor-column elementor-col-100 elementor-top-column elementor-element elementor-element-6f6eadc\" data-id=\"6f6eadc\" data-element_type=\"column\" data-e-type=\"column\">\n\t\t\t<div class=\"elementor-widget-wrap elementor-element-populated\">\n\t\t\t\t\t\t<div class=\"elementor-element elementor-element-0130bd3 elementor-widget elementor-widget-text-editor\" data-id=\"0130bd3\" data-element_type=\"widget\" data-e-type=\"widget\" data-widget_type=\"text-editor.default\">\n\t\t\t\t<div class=\"elementor-widget-container\">\n\t\t\t\t\t\t\t\t\t<p class=\"p1\">Newsletter &#8211; mergulhe num email de sonho, uma vez por m\u00eas<\/p>\t\t\t\t\t\t\t\t<\/div>\n\t\t\t\t<\/div>\n\t\t\t\t<div class=\"elementor-element elementor-element-89282bc elementor-button-align-center elementor-widget elementor-widget-form\" data-id=\"89282bc\" data-element_type=\"widget\" data-e-type=\"widget\" data-settings=\"{&quot;step_next_label&quot;:&quot;Next&quot;,&quot;step_previous_label&quot;:&quot;Previous&quot;,&quot;button_width&quot;:&quot;100&quot;,&quot;step_type&quot;:&quot;number_text&quot;,&quot;step_icon_shape&quot;:&quot;circle&quot;}\" data-widget_type=\"form.default\">\n\t\t\t\t<div class=\"elementor-widget-container\">\n\t\t\t\t\t\t\t<form class=\"elementor-form\" method=\"post\" id=\"newsletterfooter\" name=\"MO13722\" aria-label=\"MO13722\">\n\t\t\t<input type=\"hidden\" name=\"post_id\" value=\"4324\"\/>\n\t\t\t<input type=\"hidden\" name=\"form_id\" value=\"89282bc\"\/>\n\t\t\t<input type=\"hidden\" name=\"referer_title\" value=\"Casa de Abis | Quinta de Eventos em Aveiro - Conhe\u00e7a a Nossa Hist\u00f3ria\" \/>\n\n\t\t\t\t\t\t\t<input type=\"hidden\" name=\"queried_id\" value=\"4324\"\/>\n\t\t\t\n\t\t\t<div class=\"elementor-form-fields-wrapper elementor-labels-above\">\n\t\t\t\t\t\t\t\t<div class=\"elementor-field-type-email elementor-field-group elementor-column elementor-field-group-email elementor-col-100 elementor-field-required elementor-mark-required\">\n\t\t\t\t\t\t\t\t\t\t\t\t\t<input size=\"1\" type=\"email\" name=\"form_fields[email]\" id=\"form-field-email\" class=\"elementor-field elementor-size-sm  elementor-field-textual\" placeholder=\"O meu email\" required=\"required\">\n\t\t\t\t\t\t\t\t\t\t\t<\/div>\n\t\t\t\t\t\t\t\t<div class=\"elementor-field-type-acceptance elementor-field-group elementor-column elementor-field-group-field_cc0576b elementor-col-100 elementor-field-required elementor-mark-required\">\n\t\t\t\t\t\t\t<div class=\"elementor-field-subgroup\">\n\t\t\t<span class=\"elementor-field-option\">\n\t\t\t\t<input type=\"checkbox\" name=\"form_fields[field_cc0576b]\" id=\"form-field-field_cc0576b\" class=\"elementor-field elementor-size-sm  elementor-acceptance-field\" required=\"required\">\n\t\t\t\t<label for=\"form-field-field_cc0576b\"><span style=\"color: rgb(133, 133, 133); font-size: 12px;\">Ao submeter os meus dados aceito a&nbsp;<\/span><span style=\"font-size: 12px;\"><a href=\"https:\/\/casadeabis.com\/pt\/politica-de-privacidade\/\" rel=\"noopener noreferrer\" target=\"_blank\" style=\"text-decoration: none; color: #858585;\">Pol&iacute;tica de Privacidade<\/a><\/span><span style=\"color: rgb(133, 133, 133); font-size: 12px;\"> do site.<\/span><\/p><\/label>\t\t\t<\/span>\n\t\t<\/div>\n\t\t\t\t\t\t<\/div>\n\t\t\t\t\t\t\t\t<div class=\"elementor-field-type-text\">\n\t\t\t\t\t<input size=\"1\" type=\"text\" name=\"form_fields[field_a42f8ed]\" id=\"form-field-field_a42f8ed\" class=\"elementor-field elementor-size-sm \" style=\"display:none !important;\">\t\t\t\t<\/div>\n\t\t\t\t\t\t\t\t<div class=\"elementor-field-group elementor-column elementor-field-type-submit elementor-col-100 e-form__buttons\">\n\t\t\t\t\t<button class=\"elementor-button elementor-size-sm\" type=\"submit\">\n\t\t\t\t\t\t<span class=\"elementor-button-content-wrapper\">\n\t\t\t\t\t\t\t\t\t\t\t\t\t\t\t\t\t\t\t\t\t\t<span class=\"elementor-button-text\">SUBSCREVER<\/span>\n\t\t\t\t\t\t\t\t\t\t\t\t\t<\/span>\n\t\t\t\t\t<\/button>\n\t\t\t\t<\/div>\n\t\t\t<\/div>\n\t\t<\/form>\n\t\t\t\t\t\t<\/div>\n\t\t\t\t<\/div>\n\t\t\t\t\t<\/div>\n\t\t<\/div>\n\t\t\t\t\t<\/div>\n\t\t<\/section>\n\t\t\t\t<\/div>\n\t\t","protected":false},"excerpt":{"rendered":"<p>Ant\u00f3nio, Beatriz, In\u00eas e Sandra, s\u00e3o estes os nomes cujas iniciais deram origem \u00e0 palavra ABIS. Criada em 2012, fruto da vasta experi\u00eancia em restaura\u00e7\u00e3o do Ant\u00f3nio e da criatividade aut\u00eantica da Sandra, assim nasceu a nossa Casa de ABIS. Uma casa feita \u201cNa nossa casa ouvimos, idealizamos, criamos, proporcionamos. Acolhemos e sentimos a import\u00e2ncia [&hellip;]<\/p>\n","protected":false},"author":2,"featured_media":0,"parent":0,"menu_order":0,"comment_status":"closed","ping_status":"closed","template":"elementor_theme","meta":{"_mo_disable_npp":"","footnotes":""},"class_list":["post-4324","page","type-page","status-publish","hentry"],"yoast_head":"<!-- This site is optimized with the Yoast SEO plugin v27.4 - https:\/\/yoast.com\/product\/yoast-seo-wordpress\/ -->\n<title>Casa de Abis | Quinta de Eventos em Aveiro - Conhe\u00e7a a Nossa Hist\u00f3ria<\/title>\n<meta name=\"description\" content=\"Conhe\u00e7a a Casa de Abis, uma quinta de eventos em Aveiro dedicada a casamentos e celebra\u00e7\u00f5es empresariais. Descubra a nossa hist\u00f3ria e o que nos torna \u00fanicos.\" \/>\n<meta name=\"robots\" content=\"index, follow, max-snippet:-1, max-image-preview:large, max-video-preview:-1\" \/>\n<link rel=\"canonical\" href=\"https:\/\/casadeabis.com\/pt\/sobre-nos\/\" \/>\n<meta property=\"og:locale\" content=\"pt_PT\" \/>\n<meta property=\"og:type\" content=\"article\" \/>\n<meta property=\"og:title\" content=\"Casa de Abis | Quinta de Eventos em Aveiro - Conhe\u00e7a a Nossa Hist\u00f3ria\" \/>\n<meta property=\"og:description\" content=\"Conhe\u00e7a a Casa de Abis, uma quinta de eventos em Aveiro dedicada a casamentos e celebra\u00e7\u00f5es empresariais. Descubra a nossa hist\u00f3ria e o que nos torna \u00fanicos.\" \/>\n<meta property=\"og:url\" content=\"https:\/\/casadeabis.com\/pt\/sobre-nos\/\" \/>\n<meta property=\"og:site_name\" content=\"Casa de Abis\" \/>\n<meta property=\"article:publisher\" content=\"https:\/\/www.facebook.com\/casadeabis\/\" \/>\n<meta property=\"article:modified_time\" content=\"2025-04-24T10:38:14+00:00\" \/>\n<meta property=\"og:image\" content=\"https:\/\/casadeabis.com\/wp-content\/uploads\/2024\/05\/ls_square_20240429_160201219_iOS.jpg\" \/>\n\t<meta property=\"og:image:width\" content=\"1080\" \/>\n\t<meta property=\"og:image:height\" content=\"1080\" \/>\n\t<meta property=\"og:image:type\" content=\"image\/jpeg\" \/>\n<meta name=\"twitter:card\" content=\"summary_large_image\" \/>\n<meta name=\"twitter:label1\" content=\"Tempo estimado de leitura\" \/>\n\t<meta name=\"twitter:data1\" content=\"7 minutos\" \/>\n<script type=\"application\/ld+json\" class=\"yoast-schema-graph\">{\"@context\":\"https:\\\/\\\/schema.org\",\"@graph\":[{\"@type\":\"WebPage\",\"@id\":\"https:\\\/\\\/casadeabis.com\\\/pt\\\/sobre-nos\\\/\",\"url\":\"https:\\\/\\\/casadeabis.com\\\/pt\\\/sobre-nos\\\/\",\"name\":\"Casa de Abis | Quinta de Eventos em Aveiro - Conhe\u00e7a a Nossa Hist\u00f3ria\",\"isPartOf\":{\"@id\":\"https:\\\/\\\/casadeabis.com\\\/pt\\\/#website\"},\"primaryImageOfPage\":{\"@id\":\"https:\\\/\\\/casadeabis.com\\\/pt\\\/sobre-nos\\\/#primaryimage\"},\"image\":{\"@id\":\"https:\\\/\\\/casadeabis.com\\\/pt\\\/sobre-nos\\\/#primaryimage\"},\"thumbnailUrl\":\"https:\\\/\\\/casadeabis.com\\\/wp-content\\\/uploads\\\/2024\\\/05\\\/ls_square_20240429_160201219_iOS-1024x1024.jpg\",\"datePublished\":\"2024-10-24T17:38:40+00:00\",\"dateModified\":\"2025-04-24T10:38:14+00:00\",\"description\":\"Conhe\u00e7a a Casa de Abis, uma quinta de eventos em Aveiro dedicada a casamentos e celebra\u00e7\u00f5es empresariais. Descubra a nossa hist\u00f3ria e o que nos torna \u00fanicos.\",\"breadcrumb\":{\"@id\":\"https:\\\/\\\/casadeabis.com\\\/pt\\\/sobre-nos\\\/#breadcrumb\"},\"inLanguage\":\"pt-PT\",\"potentialAction\":[{\"@type\":\"ReadAction\",\"target\":[\"https:\\\/\\\/casadeabis.com\\\/pt\\\/sobre-nos\\\/\"]}]},{\"@type\":\"ImageObject\",\"inLanguage\":\"pt-PT\",\"@id\":\"https:\\\/\\\/casadeabis.com\\\/pt\\\/sobre-nos\\\/#primaryimage\",\"url\":\"https:\\\/\\\/casadeabis.com\\\/wp-content\\\/uploads\\\/2024\\\/05\\\/ls_square_20240429_160201219_iOS-1024x1024.jpg\",\"contentUrl\":\"https:\\\/\\\/casadeabis.com\\\/wp-content\\\/uploads\\\/2024\\\/05\\\/ls_square_20240429_160201219_iOS-1024x1024.jpg\"},{\"@type\":\"BreadcrumbList\",\"@id\":\"https:\\\/\\\/casadeabis.com\\\/pt\\\/sobre-nos\\\/#breadcrumb\",\"itemListElement\":[{\"@type\":\"ListItem\",\"position\":1,\"name\":\"In\u00edcio\",\"item\":\"https:\\\/\\\/casadeabis.com\\\/\"},{\"@type\":\"ListItem\",\"position\":2,\"name\":\"Sobre n\u00f3s\"}]},{\"@type\":\"WebSite\",\"@id\":\"https:\\\/\\\/casadeabis.com\\\/pt\\\/#website\",\"url\":\"https:\\\/\\\/casadeabis.com\\\/pt\\\/\",\"name\":\"Casa de Abis\",\"description\":\"Quinta de eventos - Uma casa feita de fam\u00edlias para fam\u00edlias.\",\"publisher\":{\"@id\":\"https:\\\/\\\/casadeabis.com\\\/pt\\\/#organization\"},\"potentialAction\":[{\"@type\":\"SearchAction\",\"target\":{\"@type\":\"EntryPoint\",\"urlTemplate\":\"https:\\\/\\\/casadeabis.com\\\/pt\\\/?s={search_term_string}\"},\"query-input\":{\"@type\":\"PropertyValueSpecification\",\"valueRequired\":true,\"valueName\":\"search_term_string\"}}],\"inLanguage\":\"pt-PT\"},{\"@type\":\"Organization\",\"@id\":\"https:\\\/\\\/casadeabis.com\\\/pt\\\/#organization\",\"name\":\"Casa de Abis\",\"url\":\"https:\\\/\\\/casadeabis.com\\\/pt\\\/\",\"logo\":{\"@type\":\"ImageObject\",\"inLanguage\":\"pt-PT\",\"@id\":\"https:\\\/\\\/casadeabis.com\\\/pt\\\/#\\\/schema\\\/logo\\\/image\\\/\",\"url\":\"https:\\\/\\\/casadeabis.com\\\/wp-content\\\/uploads\\\/2024\\\/04\\\/CA-favicon.jpg\",\"contentUrl\":\"https:\\\/\\\/casadeabis.com\\\/wp-content\\\/uploads\\\/2024\\\/04\\\/CA-favicon.jpg\",\"width\":2250,\"height\":2250,\"caption\":\"Casa de Abis\"},\"image\":{\"@id\":\"https:\\\/\\\/casadeabis.com\\\/pt\\\/#\\\/schema\\\/logo\\\/image\\\/\"},\"sameAs\":[\"https:\\\/\\\/www.facebook.com\\\/casadeabis\\\/\",\"https:\\\/\\\/www.instagram.com\\\/casadeabis\\\/\"]}]}<\/script>\n<!-- \/ Yoast SEO plugin. -->","yoast_head_json":{"title":"Casa de Abis | Quinta de Eventos em Aveiro - Conhe\u00e7a a Nossa Hist\u00f3ria","description":"Conhe\u00e7a a Casa de Abis, uma quinta de eventos em Aveiro dedicada a casamentos e celebra\u00e7\u00f5es empresariais. Descubra a nossa hist\u00f3ria e o que nos torna \u00fanicos.","robots":{"index":"index","follow":"follow","max-snippet":"max-snippet:-1","max-image-preview":"max-image-preview:large","max-video-preview":"max-video-preview:-1"},"canonical":"https:\/\/casadeabis.com\/pt\/sobre-nos\/","og_locale":"pt_PT","og_type":"article","og_title":"Casa de Abis | Quinta de Eventos em Aveiro - Conhe\u00e7a a Nossa Hist\u00f3ria","og_description":"Conhe\u00e7a a Casa de Abis, uma quinta de eventos em Aveiro dedicada a casamentos e celebra\u00e7\u00f5es empresariais. Descubra a nossa hist\u00f3ria e o que nos torna \u00fanicos.","og_url":"https:\/\/casadeabis.com\/pt\/sobre-nos\/","og_site_name":"Casa de Abis","article_publisher":"https:\/\/www.facebook.com\/casadeabis\/","article_modified_time":"2025-04-24T10:38:14+00:00","og_image":[{"width":1080,"height":1080,"url":"https:\/\/casadeabis.com\/wp-content\/uploads\/2024\/05\/ls_square_20240429_160201219_iOS.jpg","type":"image\/jpeg"}],"twitter_card":"summary_large_image","twitter_misc":{"Tempo estimado de leitura":"7 minutos"},"schema":{"@context":"https:\/\/schema.org","@graph":[{"@type":"WebPage","@id":"https:\/\/casadeabis.com\/pt\/sobre-nos\/","url":"https:\/\/casadeabis.com\/pt\/sobre-nos\/","name":"Casa de Abis | Quinta de Eventos em Aveiro - Conhe\u00e7a a Nossa Hist\u00f3ria","isPartOf":{"@id":"https:\/\/casadeabis.com\/pt\/#website"},"primaryImageOfPage":{"@id":"https:\/\/casadeabis.com\/pt\/sobre-nos\/#primaryimage"},"image":{"@id":"https:\/\/casadeabis.com\/pt\/sobre-nos\/#primaryimage"},"thumbnailUrl":"https:\/\/casadeabis.com\/wp-content\/uploads\/2024\/05\/ls_square_20240429_160201219_iOS-1024x1024.jpg","datePublished":"2024-10-24T17:38:40+00:00","dateModified":"2025-04-24T10:38:14+00:00","description":"Conhe\u00e7a a Casa de Abis, uma quinta de eventos em Aveiro dedicada a casamentos e celebra\u00e7\u00f5es empresariais. Descubra a nossa hist\u00f3ria e o que nos torna \u00fanicos.","breadcrumb":{"@id":"https:\/\/casadeabis.com\/pt\/sobre-nos\/#breadcrumb"},"inLanguage":"pt-PT","potentialAction":[{"@type":"ReadAction","target":["https:\/\/casadeabis.com\/pt\/sobre-nos\/"]}]},{"@type":"ImageObject","inLanguage":"pt-PT","@id":"https:\/\/casadeabis.com\/pt\/sobre-nos\/#primaryimage","url":"https:\/\/casadeabis.com\/wp-content\/uploads\/2024\/05\/ls_square_20240429_160201219_iOS-1024x1024.jpg","contentUrl":"https:\/\/casadeabis.com\/wp-content\/uploads\/2024\/05\/ls_square_20240429_160201219_iOS-1024x1024.jpg"},{"@type":"BreadcrumbList","@id":"https:\/\/casadeabis.com\/pt\/sobre-nos\/#breadcrumb","itemListElement":[{"@type":"ListItem","position":1,"name":"In\u00edcio","item":"https:\/\/casadeabis.com\/"},{"@type":"ListItem","position":2,"name":"Sobre n\u00f3s"}]},{"@type":"WebSite","@id":"https:\/\/casadeabis.com\/pt\/#website","url":"https:\/\/casadeabis.com\/pt\/","name":"Casa de Abis","description":"Quinta de eventos - Uma casa feita de fam\u00edlias para fam\u00edlias.","publisher":{"@id":"https:\/\/casadeabis.com\/pt\/#organization"},"potentialAction":[{"@type":"SearchAction","target":{"@type":"EntryPoint","urlTemplate":"https:\/\/casadeabis.com\/pt\/?s={search_term_string}"},"query-input":{"@type":"PropertyValueSpecification","valueRequired":true,"valueName":"search_term_string"}}],"inLanguage":"pt-PT"},{"@type":"Organization","@id":"https:\/\/casadeabis.com\/pt\/#organization","name":"Casa de Abis","url":"https:\/\/casadeabis.com\/pt\/","logo":{"@type":"ImageObject","inLanguage":"pt-PT","@id":"https:\/\/casadeabis.com\/pt\/#\/schema\/logo\/image\/","url":"https:\/\/casadeabis.com\/wp-content\/uploads\/2024\/04\/CA-favicon.jpg","contentUrl":"https:\/\/casadeabis.com\/wp-content\/uploads\/2024\/04\/CA-favicon.jpg","width":2250,"height":2250,"caption":"Casa de Abis"},"image":{"@id":"https:\/\/casadeabis.com\/pt\/#\/schema\/logo\/image\/"},"sameAs":["https:\/\/www.facebook.com\/casadeabis\/","https:\/\/www.instagram.com\/casadeabis\/"]}]}},"_links":{"self":[{"href":"https:\/\/casadeabis.com\/pt\/wp-json\/wp\/v2\/pages\/4324","targetHints":{"allow":["GET"]}}],"collection":[{"href":"https:\/\/casadeabis.com\/pt\/wp-json\/wp\/v2\/pages"}],"about":[{"href":"https:\/\/casadeabis.com\/pt\/wp-json\/wp\/v2\/types\/page"}],"author":[{"embeddable":true,"href":"https:\/\/casadeabis.com\/pt\/wp-json\/wp\/v2\/users\/2"}],"replies":[{"embeddable":true,"href":"https:\/\/casadeabis.com\/pt\/wp-json\/wp\/v2\/comments?post=4324"}],"version-history":[{"count":0,"href":"https:\/\/casadeabis.com\/pt\/wp-json\/wp\/v2\/pages\/4324\/revisions"}],"wp:attachment":[{"href":"https:\/\/casadeabis.com\/pt\/wp-json\/wp\/v2\/media?parent=4324"}],"curies":[{"name":"wp","href":"https:\/\/api.w.org\/{rel}","templated":true}]}}